{"id":154,"date":"2023-06-22T12:02:41","date_gmt":"2023-06-22T10:02:41","guid":{"rendered":"http:\/\/wordpress-ilonanymoen.p634144.webspaceconfig.de\/?page_id=154"},"modified":"2024-03-10T17:29:53","modified_gmt":"2024-03-10T16:29:53","slug":"wer-bin-ich","status":"publish","type":"page","link":"https:\/\/ilona-nymoen.de\/en\/wer-bin-ich\/","title":{"rendered":"WHO AM I"},"content":{"rendered":"\t\t<div data-elementor-type=\"wp-page\" data-elementor-id=\"154\" class=\"elementor elementor-154\">\n\t\t\t\t\t\t\t\t\t<section class=\"elementor-section elementor-top-section elementor-element elementor-element-4b38137 elementor-section-height-min-height elementor-section-boxed elementor-section-height-default elementor-section-items-middle\" data-id=\"4b38137\" data-element_type=\"section\" data-settings=\"{&quot;background_background&quot;:&quot;classic&quot;}\">\n\t\t\t\t\t\t<div class=\"elementor-container elementor-column-gap-default\">\n\t\t\t\t\t<div class=\"elementor-column elementor-col-100 elementor-top-column elementor-element elementor-element-8292dca\" data-id=\"8292dca\" data-element_type=\"column\">\n\t\t\t<div class=\"elementor-widget-wrap\">\n\t\t\t\t\t\t\t\t\t<\/div>\n\t\t<\/div>\n\t\t\t\t\t\t\t<\/div>\n\t\t<\/section>\n\t\t\t\t<section class=\"elementor-section elementor-top-section elementor-element elementor-element-09a64e5 elementor-section-boxed elementor-section-height-default elementor-section-height-default\" data-id=\"09a64e5\" data-element_type=\"section\" data-settings=\"{&quot;background_background&quot;:&quot;classic&quot;}\">\n\t\t\t\t\t\t\t<div class=\"elementor-background-overlay\"><\/div>\n\t\t\t\t\t\t\t<div class=\"elementor-container elementor-column-gap-default\">\n\t\t\t\t\t<div class=\"elementor-column elementor-col-100 elementor-top-column elementor-element elementor-element-15dcffd\" data-id=\"15dcffd\" data-element_type=\"column\">\n\t\t\t<div class=\"elementor-widget-wrap elementor-element-populated\">\n\t\t\t\t\t\t\t\t<div class=\"elementor-element elementor-element-d7c29c6 elementor-widget elementor-widget-spacer\" data-id=\"d7c29c6\" data-element_type=\"widget\" data-widget_type=\"spacer.default\">\n\t\t\t\t<div class=\"elementor-widget-container\">\n\t\t\t<style>\/*! elementor - v3.14.0 - 26-06-2023 *\/\n.elementor-column .elementor-spacer-inner{height:var(--spacer-size)}.e-con{--container-widget-width:100%}.e-con-inner>.elementor-widget-spacer,.e-con>.elementor-widget-spacer{width:var(--container-widget-width,var(--spacer-size));--align-self:var(--container-widget-align-self,initial);--flex-shrink:0}.e-con-inner>.elementor-widget-spacer>.elementor-widget-container,.e-con-inner>.elementor-widget-spacer>.elementor-widget-container>.elementor-spacer,.e-con>.elementor-widget-spacer>.elementor-widget-container,.e-con>.elementor-widget-spacer>.elementor-widget-container>.elementor-spacer{height:100%}.e-con-inner>.elementor-widget-spacer>.elementor-widget-container>.elementor-spacer>.elementor-spacer-inner,.e-con>.elementor-widget-spacer>.elementor-widget-container>.elementor-spacer>.elementor-spacer-inner{height:var(--container-widget-height,var(--spacer-size))}<\/style>\t\t<div class=\"elementor-spacer\">\n\t\t\t<div class=\"elementor-spacer-inner\"><\/div>\n\t\t<\/div>\n\t\t\t\t<\/div>\n\t\t\t\t<\/div>\n\t\t\t\t<div class=\"elementor-element elementor-element-c1d5871 elementor-widget elementor-widget-heading\" data-id=\"c1d5871\" data-element_type=\"widget\" data-widget_type=\"heading.default\">\n\t\t\t\t<div class=\"elementor-widget-container\">\n\t\t\t<style>\/*! elementor - v3.14.0 - 26-06-2023 *\/\n.elementor-heading-title{padding:0;margin:0;line-height:1}.elementor-widget-heading .elementor-heading-title[class*=elementor-size-]>a{color:inherit;font-size:inherit;line-height:inherit}.elementor-widget-heading .elementor-heading-title.elementor-size-small{font-size:15px}.elementor-widget-heading .elementor-heading-title.elementor-size-medium{font-size:19px}.elementor-widget-heading .elementor-heading-title.elementor-size-large{font-size:29px}.elementor-widget-heading .elementor-heading-title.elementor-size-xl{font-size:39px}.elementor-widget-heading .elementor-heading-title.elementor-size-xxl{font-size:59px}<\/style><h1 class=\"elementor-heading-title elementor-size-default\">WER BIN ICH ...<\/h1>\t\t<\/div>\n\t\t\t\t<\/div>\n\t\t\t\t<div class=\"elementor-element elementor-element-8addf0e elementor-widget elementor-widget-heading\" data-id=\"8addf0e\" data-element_type=\"widget\" data-widget_type=\"heading.default\">\n\t\t\t\t<div class=\"elementor-widget-container\">\n\t\t\t<h2 class=\"elementor-heading-title elementor-size-default\">Vita<\/h2>\t\t<\/div>\n\t\t\t\t<\/div>\n\t\t\t\t<div class=\"elementor-element elementor-element-e6404e1 elementor-widget elementor-widget-spacer\" data-id=\"e6404e1\" data-element_type=\"widget\" data-widget_type=\"spacer.default\">\n\t\t\t\t<div class=\"elementor-widget-container\">\n\t\t\t\t\t<div class=\"elementor-spacer\">\n\t\t\t<div class=\"elementor-spacer-inner\"><\/div>\n\t\t<\/div>\n\t\t\t\t<\/div>\n\t\t\t\t<\/div>\n\t\t\t\t<div class=\"elementor-element elementor-element-2c759f7 elementor-widget elementor-widget-text-editor\" data-id=\"2c759f7\" data-element_type=\"widget\" data-widget_type=\"text-editor.default\">\n\t\t\t\t<div class=\"elementor-widget-container\">\n\t\t\t<style>\/*! elementor - v3.14.0 - 26-06-2023 *\/\n.elementor-widget-text-editor.elementor-drop-cap-view-stacked .elementor-drop-cap{background-color:#69727d;color:#fff}.elementor-widget-text-editor.elementor-drop-cap-view-framed .elementor-drop-cap{color:#69727d;border:3px solid;background-color:transparent}.elementor-widget-text-editor:not(.elementor-drop-cap-view-default) .elementor-drop-cap{margin-top:8px}.elementor-widget-text-editor:not(.elementor-drop-cap-view-default) .elementor-drop-cap-letter{width:1em;height:1em}.elementor-widget-text-editor .elementor-drop-cap{float:left;text-align:center;line-height:1;font-size:50px}.elementor-widget-text-editor .elementor-drop-cap-letter{display:inline-block}<\/style>\t\t\t\t<p>Nach dem Abitur studierte ich zun\u00e4chst Germanistik und Romanistik an der Freien Universit\u00e4t Berlin, ging dann aber bald an das Conservatorio di Musica &#8222;Giuseppe Verdi&#8220; in Mailand, um klassischen Gesang zu studieren und zur Mezzosopranistin ausgebildet zu werden.<\/p><p>Meisterkurse besuchte ich bei Ks. Brigitte Fassbaender, Laura Sarti und Grace Bumbry und erg\u00e4nzte meine Ausbildung bei Prof. Ks. Csilla Zentai in D\u00fcsseldorf.<\/p><p>Nach meiner R\u00fcckkehr nach Deutschland folgten bundesweite Opernengagements: bereits meine zweite B\u00fchnenverpflichtung war die Titelpartie Carmen in Bizets gleichnamiger Oper in Konstanz und Hamburg. Es folgten unter anderen die Gr\u00e4fin in Lortzings Oper &#8222;Der Wildsch\u00fctz&#8220; an der Staatsoperette Dresden oder Flora in Verdis &#8222;La Traviata&#8220; bei den Internationalen Schlossfestspielen am Staatstheater Schwerin. Viele Spielzeiten war ich am Theater L\u00fcneburg engagiert, wo ich zahlreiche Mezzo- und Spielalt \u2013 Partien des Opern- und Operettenrepertoires verk\u00f6rperte. So z.B. die Maddalena in \u201eRigoletto\u201c von G. Verdi, Mary in Wagners \u201eDer fliegende Holl\u00e4nder\u201c, die Baba in der Oper \u201eThe Rake\u2019s Progress\u201c von Igor Stravinsky u.v.m.\u00a0<\/p><p>Mittlerweile umfasst mein gesungenes Opernrepertoire mehr als vierzig verschiedene Fachpartien.<\/p><p>Bis zu meinem Fachwechsel war ich au\u00dferdem Aushilfe im Alt des Rundfunkchores Berlin und nahm dort an zahlreichen Konzerten und CD \u2013 Produktionen teil.<\/p><p>\u201eAbseits\u201c der Klassik sang ich \u00fcber viele Jahre im Booth des Musicals &#8222;Starlight Express&#8220; in Bochum und war dar\u00fcber hinaus Gr\u00fcndungsmitglied der &#8222;Te\u00f1oritas&#8220;, einer Show-Formation der &#8222;Fliegenden Bauten&#8220;, Hamburg, die mehrere Jahre bundesweit tourten, und u.a. im &#8222;Tipi &#8211; am Kanzleramt&#8220; in Berlin, im \u201eMeereskabarett\u201c auf Sylt und im Theaterzelt &#8211; Merzig auftraten.\u00a0<\/p><p>Im Sommer 2013 bereitete ich den Fachwechsel zum Sopran vor und deb\u00fctierte mit gro\u00dfem Erfolg als Leonore in Beethovens Oper &#8222;Fidelio&#8220; in Berlin. Die \u201eBerliner Morgenpost\u201c schrieb: \u201eDies liegt nicht zuletzt an einer wirklich grandiosen Ilona Nymoen als Leonore,&#8230;\u201c \u2013 Der \u201eOpernfreund\u201c vermeldete: \u201eIlona Nymoen ist eine optisch ideale, darstellerisch \u00fcberzeugende Leonore, die auch vokal Erstaunliches leistet mit einem nicht nur h\u00f6hensicheren, sondern auch in der Mittellage sehr pr\u00e4senten Sopran.\u201c<\/p><p>Zu meinen Opern-Rollen im Sopranfach z\u00e4hlen mittlerweile Turandot in der gleichnamigen Oper von G. Puccini, Leonora\/ Verdi: &#8222;Macht des Schicksals&#8220;, Sieglinde\/ Wagner: &#8222;Walk\u00fcre&#8220;, Santuzza\/ Mascagni: &#8222;Cavalleria rusticana&#8220;, Amelia\/ Verdi: &#8222;Ein Maskenball\u201c, sowie im Operettenfach: die Hauptpartien in Johann Strauss\u2018 \u201eZigeunerbaron\u201c: Saffi und in der \u201eFledermaus\u201c, Rosalinde oder die Titelpartie in Franz v. Supp\u00e9s \u201eDie sch\u00f6ne Galath\u00e9e\u201c.<\/p><p>Neben Opernengagements und Verpflichtungen als Solistin in Oratorien, sind Liederabende ein weiterer Schwerpunkt meiner k\u00fcnstlerischen Aktivit\u00e4t. Hier reicht mein Repertoire von Monteverdi bis zu Kompositionen von Wolfgang Rihm, wobei mir die Romantik und Sp\u00e4tromantik, wie z. B. die Orchesterlieder von Gustav Mahler ganz besonders am Herzen liegen.<br \/>Die Westdeutsche Allgemeine Zeitung schrieb hierzu: \u201eIlona Nymoen brachte ihre reife, modulationsf\u00e4hige Stimme mit klarem Ausdruck ins Spiel. Die nicht gerade eing\u00e4ngigen Intervallspr\u00fcnge in \u201eDas irdische Leben\u201c hatte sie ebenso sicher im Griff wie die Melismen in \u201eWer hat dies Liedlein erdacht?\u201c Mit Charme unterstrich sie gesellschaftskritische Spitzen in \u201eLob des hohen Verstandes\u201c und in der \u201eFischpredigt des Antonius von Padua\u201c.<\/p><p>Meine Engagements und Konzerte f\u00fchrten mich u.a. an das Staatstheater Schwerin, Staatsoperette Dresden, Landestheater Neustrelitz, Theater Meissen, an die Kammeroper Frankfurt, in den Admiralspalast Berlin, den Nikolaisaal Potsdam, die Laeiszhalle Hamburg, an das Alleetheater Hamburg, Theater L\u00fcneburg, Konzerthaus Berlin, Philharmonie Berlin, \u201cDas Tipi am Kanzleramt\u201d, \u201cFliegenden Bauten\u201d Hamburg, Zeltpalast Merzig, Meereskabarett Sylt, Volksb\u00fchne K\u00f6ln, zu den Festspielen Emsland, den Schlossfestspielen Kirchstetten\/Wien, an das Goetheanum Dornach\/Basel, das Teatro Toselli Cuneo, Teatro Duse Bologna, Tivoli Kopenhagen, \u2026<\/p><p>Ich hatte die Freude unter folgenden Dirigenten zu singen: Roland Fister, Florian Erdl, Ernst Theis, Kent Nagano, Kurt Masur, Matthias Foremny, Simon Halsey, Marek Janowski, Thomas Dorsch, Knut Andreas, Thomas Hennig, Cordt Garben, Andreas Schulz, Helmut Weese, Urs Theus, Sierd Quarr\u00e9, Marty Jabara, Meinolf M\u00fcller, Hooman Khalatbari, Fritz Weisse<\/p><p>Begleitet wurde ich dabei von Orchester, wie: Berliner Philharmoniker, Rundfunk-Sinfonieorchester Berlin, Philharmonia Hungarica, Hamburger Kammersolisten, Mecklenburgische Staatskapelle Schwerin, Philharmonisches Staatsorchester Hamburg, Kopenhagen Symphony Orchestra, Preu\u00dfisches Kammerorchester, Deutsches Filmorchester Babelsberg, Orchester der Staatsoperette Dresden, Rhein-Ruhr Philharmonie, L\u00fcneburger Symphoniker, Neues Orchester Basel<\/p><p>Unter anderen in Szene gesetzt von den Regisseur:innen: Astrid Jacob, Claus Guth, Jasmin Solfaghari, Philipp Harnoncourt, Marguerite Kollo, Brigitte Gaudszuhn, Stefan Neugebauer, Florian Malte Leibrecht, Gretel Schulze, Peter Lotschak, Rainer Pudenz, Dorothea Rinck, Hajo Fouquet, Mauro Guindani, Enke Eisenberg, Uwe Deeken, Lutz Lansemann<\/p><p>Zu meinen Pianist:innen z\u00e4hlen: Herta Werner, Siegfried Schwab, Ekkehard Schoeps, Senka Brankovich, Klaus Sallmann, Markus Syperek, Luca Gorla, Markus Zugeh\u00f6r, Suwon Kim, Stefano Giannini; Christoph Stoecker, Raminta Lampsatis, Jens Holzkamp, Philip Mayers, Volker Sondershausen, Manuel Lange<\/p><p>Ich sang in Ensembles, wie dem Berliner Konzertchor, Starlight Express Bochum, Rundfunkchor Berlin, Te\u00f1oritas, \u201eLesBellesImmortelles\u201c, \u201eEdell\u00e4rm\u201c, \u201eLatin Passion\u201c, \u201eFantastic Opera\u201c<\/p>\t\t\t\t\t\t<\/div>\n\t\t\t\t<\/div>\n\t\t\t\t<section class=\"elementor-section elementor-inner-section elementor-element elementor-element-f427d1c elementor-section-boxed elementor-section-height-default elementor-section-height-default\" data-id=\"f427d1c\" data-element_type=\"section\">\n\t\t\t\t\t\t<div class=\"elementor-container elementor-column-gap-default\">\n\t\t\t\t\t<div class=\"elementor-column elementor-col-33 elementor-inner-column elementor-element elementor-element-598ddaf\" data-id=\"598ddaf\" data-element_type=\"column\">\n\t\t\t<div class=\"elementor-widget-wrap elementor-element-populated\">\n\t\t\t\t\t\t\t\t<div class=\"elementor-element elementor-element-3c807b7 elementor-align-center elementor-widget elementor-widget-button\" data-id=\"3c807b7\" data-element_type=\"widget\" data-widget_type=\"button.default\">\n\t\t\t\t<div class=\"elementor-widget-container\">\n\t\t\t\t\t<div class=\"elementor-button-wrapper\">\n\t\t\t<a class=\"elementor-button elementor-button-link elementor-size-sm\" href=\"https:\/\/ilona-nymoen.de\/wp-content\/uploads\/2023\/10\/Lebenslauf-Ilona-Nymoen.pdf\" target=\"_blank\">\n\t\t\t\t\t\t<span class=\"elementor-button-content-wrapper\">\n\t\t\t\t\t\t<span class=\"elementor-button-text\">Download Vita deutsch<\/span>\n\t\t<\/span>\n\t\t\t\t\t<\/a>\n\t\t<\/div>\n\t\t\t\t<\/div>\n\t\t\t\t<\/div>\n\t\t\t\t\t<\/div>\n\t\t<\/div>\n\t\t\t\t<div class=\"elementor-column elementor-col-33 elementor-inner-column elementor-element elementor-element-5a0b0bd\" data-id=\"5a0b0bd\" data-element_type=\"column\">\n\t\t\t<div class=\"elementor-widget-wrap elementor-element-populated\">\n\t\t\t\t\t\t\t\t<div class=\"elementor-element elementor-element-07344e2 elementor-align-center elementor-widget elementor-widget-button\" data-id=\"07344e2\" data-element_type=\"widget\" data-widget_type=\"button.default\">\n\t\t\t\t<div class=\"elementor-widget-container\">\n\t\t\t\t\t<div class=\"elementor-button-wrapper\">\n\t\t\t<a class=\"elementor-button elementor-button-link elementor-size-sm\" href=\"https:\/\/ilona-nymoen.de\/wp-content\/uploads\/2024\/03\/Vita-Ilona-Nymoen-english.pdf\" target=\"_blank\">\n\t\t\t\t\t\t<span class=\"elementor-button-content-wrapper\">\n\t\t\t\t\t\t<span class=\"elementor-button-text\">Download Vita english<\/span>\n\t\t<\/span>\n\t\t\t\t\t<\/a>\n\t\t<\/div>\n\t\t\t\t<\/div>\n\t\t\t\t<\/div>\n\t\t\t\t\t<\/div>\n\t\t<\/div>\n\t\t\t\t<div class=\"elementor-column elementor-col-33 elementor-inner-column elementor-element elementor-element-3a6f75d\" data-id=\"3a6f75d\" data-element_type=\"column\">\n\t\t\t<div class=\"elementor-widget-wrap elementor-element-populated\">\n\t\t\t\t\t\t\t\t<div class=\"elementor-element elementor-element-3aa5043 elementor-align-center elementor-widget elementor-widget-button\" data-id=\"3aa5043\" data-element_type=\"widget\" data-widget_type=\"button.default\">\n\t\t\t\t<div class=\"elementor-widget-container\">\n\t\t\t\t\t<div class=\"elementor-button-wrapper\">\n\t\t\t<a class=\"elementor-button elementor-button-link elementor-size-sm\" href=\"https:\/\/ilona-nymoen.de\/wp-content\/uploads\/2023\/10\/Vita-Ilona-Nymoen-italiano.pdf\" target=\"_blank\">\n\t\t\t\t\t\t<span class=\"elementor-button-content-wrapper\">\n\t\t\t\t\t\t<span class=\"elementor-button-text\">Download Vita italiano<\/span>\n\t\t<\/span>\n\t\t\t\t\t<\/a>\n\t\t<\/div>\n\t\t\t\t<\/div>\n\t\t\t\t<\/div>\n\t\t\t\t\t<\/div>\n\t\t<\/div>\n\t\t\t\t\t\t\t<\/div>\n\t\t<\/section>\n\t\t\t\t<div class=\"elementor-element elementor-element-e460c9b elementor-widget elementor-widget-spacer\" data-id=\"e460c9b\" data-element_type=\"widget\" data-widget_type=\"spacer.default\">\n\t\t\t\t<div class=\"elementor-widget-container\">\n\t\t\t\t\t<div class=\"elementor-spacer\">\n\t\t\t<div class=\"elementor-spacer-inner\"><\/div>\n\t\t<\/div>\n\t\t\t\t<\/div>\n\t\t\t\t<\/div>\n\t\t\t\t\t<\/div>\n\t\t<\/div>\n\t\t\t\t\t\t\t<\/div>\n\t\t<\/section>\n\t\t\t\t<section class=\"elementor-section elementor-top-section elementor-element elementor-element-3db0bb6 elementor-section-height-min-height elementor-section-boxed elementor-section-height-default elementor-section-items-middle\" data-id=\"3db0bb6\" data-element_type=\"section\" data-settings=\"{&quot;background_background&quot;:&quot;classic&quot;}\">\n\t\t\t\t\t\t<div class=\"elementor-container elementor-column-gap-default\">\n\t\t\t\t\t<div class=\"elementor-column elementor-col-100 elementor-top-column elementor-element elementor-element-d15e430\" data-id=\"d15e430\" data-element_type=\"column\">\n\t\t\t<div class=\"elementor-widget-wrap\">\n\t\t\t\t\t\t\t\t\t<\/div>\n\t\t<\/div>\n\t\t\t\t\t\t\t<\/div>\n\t\t<\/section>\n\t\t\t\t\t\t\t<\/div>\n\t\t","protected":false},"excerpt":{"rendered":"<p>WER BIN ICH &#8230; Vita Nach dem Abitur studierte ich zun\u00e4chst Germanistik und Romanistik an der Freien Universit\u00e4t Berlin, ging dann aber bald an das Conservatorio di Musica &#8222;Giuseppe Verdi&#8220; in Mailand, um klassischen Gesang zu studieren und zur Mezzosopranistin ausgebildet zu werden. Meisterkurse besuchte ich bei Ks. Brigitte Fassbaender, Laura Sarti und Grace Bumbry [&hellip;]<\/p>\n","protected":false},"author":1,"featured_media":0,"parent":0,"menu_order":0,"comment_status":"closed","ping_status":"closed","template":"","meta":{"footnotes":""},"class_list":["post-154","page","type-page","status-publish","hentry","entry"],"_links":{"self":[{"href":"https:\/\/ilona-nymoen.de\/en\/wp-json\/wp\/v2\/pages\/154","targetHints":{"allow":["GET"]}}],"collection":[{"href":"https:\/\/ilona-nymoen.de\/en\/wp-json\/wp\/v2\/pages"}],"about":[{"href":"https:\/\/ilona-nymoen.de\/en\/wp-json\/wp\/v2\/types\/page"}],"author":[{"embeddable":true,"href":"https:\/\/ilona-nymoen.de\/en\/wp-json\/wp\/v2\/users\/1"}],"replies":[{"embeddable":true,"href":"https:\/\/ilona-nymoen.de\/en\/wp-json\/wp\/v2\/comments?post=154"}],"version-history":[{"count":148,"href":"https:\/\/ilona-nymoen.de\/en\/wp-json\/wp\/v2\/pages\/154\/revisions"}],"predecessor-version":[{"id":1768,"href":"https:\/\/ilona-nymoen.de\/en\/wp-json\/wp\/v2\/pages\/154\/revisions\/1768"}],"wp:attachment":[{"href":"https:\/\/ilona-nymoen.de\/en\/wp-json\/wp\/v2\/media?parent=154"}],"curies":[{"name":"wp","href":"https:\/\/api.w.org\/{rel}","templated":true}]}}